{"id":48,"date":"2019-11-25T14:08:30","date_gmt":"2019-11-25T13:08:30","guid":{"rendered":"http:\/\/pinakova.sk\/?page_id=48"},"modified":"2025-08-19T13:12:18","modified_gmt":"2025-08-19T11:12:18","slug":"ambulancia-klinickej-psychologie-a-psychoterapie-zilina","status":"publish","type":"page","link":"https:\/\/pinakova.sk\/","title":{"rendered":"Klinick\u00fd psychol\u00f3g a psychoterapeut v \u017diline"},"content":{"rendered":"\n<div class=\"wp-block-group\"><div class=\"wp-block-group__inner-container is-layout-flow wp-block-group-is-layout-flow\">\n<div class=\"wp-block-group\"><div class=\"wp-block-group__inner-container is-layout-flow wp-block-group-is-layout-flow\"><p class=\"fonts-plugin-block \" style=\"font-size: 18px;color: #933957\"><strong><strong>Aktu\u00e1lne m\u00e1m naplnen\u00e9 v\u0161etky term\u00edny, tak\u017ee neprij\u00edmam nov\u00fdch klientov.                          \u010eakujem za porozumenie.<\/strong><\/strong> <\/p>\n\n\n<div class=\"wp-block-group\"><div class=\"wp-block-group__inner-container is-layout-flow wp-block-group-is-layout-flow\"><\/div><\/div>\n<\/div><\/div>\n<\/div><\/div>\n\n\n\n<div class=\"wp-block-media-text alignwide\" style=\"grid-template-columns:20% auto\"><figure class=\"wp-block-media-text__media\"><img loading=\"lazy\" decoding=\"async\" width=\"240\" height=\"300\" src=\"http:\/\/pinakova.sk\/wp-content\/uploads\/2019\/11\/bobka.jpg\" alt=\"\" class=\"wp-image-45 size-full\"\/><\/figure><div class=\"wp-block-media-text__content\">\n<p>V s\u00fakromnej psychologickej ambulancii pracujem s&nbsp;de\u0165mi, adolescentmi a&nbsp;dospel\u00fdmi. Pon\u00fakam odborn\u00fa pomoc v&nbsp;zlo\u017eit\u00fdch \u017eivotn\u00fdch situ\u00e1ci\u00e1ch, \u010di pri objaven\u00ed klinick\u00e9ho sympt\u00f3mu. Pracujem formou psychodynamickej psychoterapie, zalo\u017eenej na terapeutickom vz\u0165ahu. Moj\u00edm cie\u013eom nie je len odhalenie pr\u00ed\u010din a&nbsp;zmiernenie, resp. vylie\u010denie sympt\u00f3mov, ale aj zv\u00fd\u0161enie pocitu vlastnej hodnoty klienta. <\/p>\n<\/div><\/div>\n\n\n\n<p><\/p>\n\n\n\n<h2 class=\"wp-block-heading\">Jednorazov\u00e9 psychologick\u00e9 konzult\u00e1cie<\/h2>\n\n\n\n<p><\/p>\n\n\n<div class=\"wp-block-ub-expand ub-expand\" id=\"ub-expand-ea46feab-8cc5-4502-97c8-ecbafc94c80f\" data-scroll-type=\"false\" data-scroll-amount=\"\" data-scroll-target=\"\">\n<div class=\"ub-expand-portion ub-expand-partial wp-block-ub-expand-portion\" id=\"ub-expand-partial-6393c198-dd50-453b-99fa-632508601a7d\" aria-hidden=\"false\">\n\t\t\t\n\n<p>Niekedy sta\u010d\u00ed jedno alebo nieko\u013eko stretnut\u00ed na to, aby rodi\u010dia die\u0165a\u0165a \u010di dospel\u00fd klient nazreli na<br> svoje \u0165a\u017ekosti z in\u00e9ho uhla poh\u013eadu. <\/p>\n\n\n\t\t\t<a id=\"ub-expand-toggle-partial-6393c198-dd50-453b-99fa-632508601a7d\" class=\"ub-expand-toggle-button\" style=\"text-align: left; \" role=\"button\" aria-expanded=\"false\" aria-controls=\"ub-expand-full-6393c198-dd50-453b-99fa-632508601a7d\" tabindex=\"0\">\n\t\t\t\tviac\n\t\t\t<\/a>\n\t\t<\/div>\n\n<div class=\"ub-expand-portion ub-expand-full ub-hide wp-block-ub-expand-portion\" id=\"ub-expand-full-6393c198-dd50-453b-99fa-632508601a7d\" aria-hidden=\"true\">\n\t\t\t\n\n<p> Porozumenie probl\u00e9mu, rozhovor a\u00a0prem\u00fd\u0161\u013eanie o\u00a0\u0148om m\u00f4\u017ee sta\u010di\u0165 na op\u00e4tovn\u00e9 nastolenie dobr\u00e9ho psychick\u00e9ho stavu a\u00a0rovnov\u00e1hy, ktor\u00e9 panovali pred za\u010diatkom \u0165a\u017ekost\u00ed. Po konzult\u00e1cii sa s\u00a0klientom dohodneme na \u010fal\u0161om postupe, ktor\u00fd z\u00e1vis\u00ed od charakteru probl\u00e9mu a\u00a0klientovej moment\u00e1lnej kapacity ho rie\u0161i\u0165.  <\/p>\n\n\n\t\t\t<a id=\"ub-expand-toggle-full-6393c198-dd50-453b-99fa-632508601a7d\" class=\"ub-expand-toggle-button\" style=\"text-align: left; \" role=\"button\" aria-expanded=\"true\" aria-controls=\"ub-expand-full-6393c198-dd50-453b-99fa-632508601a7d\" tabindex=\"0\">\n\t\t\t\tmenej\n\t\t\t<\/a>\n\t\t<\/div>\n<\/div>\n\n\n<h2 class=\"wp-block-heading\"> Individu\u00e1lna psychodynamick\u00e1 psychoterapia det\u00ed<\/h2>\n\n\n<div class=\"wp-block-ub-expand ub-expand\" id=\"ub-expand-99ac08c8-9cb8-49b0-b2d2-33353455f4ff\" data-scroll-type=\"false\" data-scroll-amount=\"\" data-scroll-target=\"\">\n<div class=\"ub-expand-portion ub-expand-partial wp-block-ub-expand-portion\" id=\"ub-expand-partial-9dc843b7-8a34-445c-9452-5e7d45ae48c6\" aria-hidden=\"false\">\n\t\t\t\n\n<p>Pracujem s de\u0165mi od cca 3 rokov, pri mlad\u0161\u00edch de\u0165och sa stret\u00e1vam s\u00a0ich rodi\u010dmi na terapeutick\u00fdch konzult\u00e1ci\u00e1ch. Klienta povzbudzujem k\u00a0vyjadrovaniu my\u0161lienok a\u00a0pocitov, \u010do sa u\u00a0det\u00ed naj\u010dastej\u0161ie deje prostredn\u00edctvom hry, u\u00a0star\u0161\u00edch det\u00ed aj formou kresby \u010di rozhovoru. Po\u010das terapeutick\u00fdch seden\u00ed sa spolu s\u00a0klientom sna\u017e\u00edme porozumie\u0165 a\u00a0da\u0165 zmysel t\u00fdmto my\u0161lienkam, pocitom a\u00a0fant\u00e1zi\u00e1m. Pocit zmysluplnosti je z\u00e1kladom pre vytv\u00e1ranie pocitu vlastnej hodnoty. <\/p>\n\n\n\t\t\t<a id=\"ub-expand-toggle-partial-9dc843b7-8a34-445c-9452-5e7d45ae48c6\" class=\"ub-expand-toggle-button\" style=\"text-align: left; \" role=\"button\" aria-expanded=\"false\" aria-controls=\"ub-expand-full-9dc843b7-8a34-445c-9452-5e7d45ae48c6\" tabindex=\"0\">\n\t\t\t\tViac\n\t\t\t<\/a>\n\t\t<\/div>\n\n<div class=\"ub-expand-portion ub-expand-full ub-hide wp-block-ub-expand-portion\" id=\"ub-expand-full-9dc843b7-8a34-445c-9452-5e7d45ae48c6\" aria-hidden=\"true\">\n\t\t\t\n\n<p>Po\u010das cel\u00e9ho psychoterapeutick\u00e9ho procesu je moj\u00edm hlavn\u00fdm\ncie\u013eom napom\u00e1hanie citov\u00e9mu v\u00fdvinu die\u0165a\u0165a. Terapeutick\u00fd vz\u0165ah napom\u00e1ha\ncitov\u00e9mu rastu v\u00a0oblasti, kde sa v\u00fdvin zarazil alebo kde k\u00a0nemu nedo\u0161lo\nprimeran\u00fdm sp\u00f4sobom. \u00a0<\/p>\n\n\n\n<p>Na prv\u00e9 stretnutie poz\u00fdvam rodi\u010dov die\u0165a\u0165a a v\u00a0pr\u00edpade,\n\u017ee sa dohodneme \u00a0na terapeutickej starostlivosti,\nstret\u00e1vam sa s\u00a0detsk\u00fdm klientom v\u00e4\u010d\u0161inou 1x t\u00fd\u017edenne. Popri tom sa\nstret\u00e1vam s\u00a0rodi\u010dmi na terapeutick\u00fdch konzult\u00e1ci\u00e1ch raz za 5-6 t\u00fd\u017ed\u0148ov\nalebo pod\u013ea potreby. Ich cie\u013eom je porozumenie die\u0165a\u0165u, jeho \u0165a\u017ekostiam a\u00a0emo\u010dn\u00fdm\npotreb\u00e1m. <\/p>\n\n\n\n<p>Psychodynamick\u00e1 psychoterapia u\u00a0det\u00ed pom\u00e1ha najm\u00e4 pri:<\/p>\n\n\n\n<ul class=\"wp-block-list\">\n<li>\u00dazkostn\u00fdch poruch\u00e1ch<\/li>\n\n\n\n<li>Fobick\u00fdch poruch\u00e1ch<\/li>\n\n\n\n<li>Re\u010dov\u00fdch poruch\u00e1ch (Elekt\u00edvny mutizmus, zajakavos\u0165)<\/li>\n\n\n\n<li>Poruch\u00e1ch spr\u00e1vania<\/li>\n\n\n\n<li>Vz\u0165ahov\u00fdch \u0165a\u017ekostiach (najm\u00e4 \u0165a\u017ekostiach so vz\u0165ahovo bl\u00edzkymi, d\u00f4le\u017eit\u00fdmi osobami)<\/li>\n\n\n\n<li>\u0164a\u017ekostiach v\u00a0kolekt\u00edve (\u0161ikana a\u00a0pod.)<\/li>\n<\/ul>\n\n\n\n<figure class=\"wp-block-image size-large is-resized\"><img loading=\"lazy\" decoding=\"async\" width=\"1024\" height=\"724\" src=\"https:\/\/pinakova.sk\/wp-content\/uploads\/2020\/01\/Scan-1024x724.jpg\" alt=\"\" class=\"wp-image-199\" style=\"width:669px;height:472px\" srcset=\"https:\/\/pinakova.sk\/wp-content\/uploads\/2020\/01\/Scan-1024x724.jpg 1024w, https:\/\/pinakova.sk\/wp-content\/uploads\/2020\/01\/Scan-300x212.jpg 300w, https:\/\/pinakova.sk\/wp-content\/uploads\/2020\/01\/Scan-768x543.jpg 768w, https:\/\/pinakova.sk\/wp-content\/uploads\/2020\/01\/Scan-1536x1087.jpg 1536w, https:\/\/pinakova.sk\/wp-content\/uploads\/2020\/01\/Scan-2048x1449.jpg 2048w, https:\/\/pinakova.sk\/wp-content\/uploads\/2020\/01\/Scan-1600x1132.jpg 1600w\" sizes=\"auto, (max-width: 1024px) 100vw, 1024px\" \/><\/figure>\n\n\n\t\t\t<a id=\"ub-expand-toggle-full-9dc843b7-8a34-445c-9452-5e7d45ae48c6\" class=\"ub-expand-toggle-button\" style=\"text-align: left; \" role=\"button\" aria-expanded=\"true\" aria-controls=\"ub-expand-full-9dc843b7-8a34-445c-9452-5e7d45ae48c6\" tabindex=\"0\">\n\t\t\t\tmenej\n\t\t\t<\/a>\n\t\t<\/div>\n<\/div>\n\n<p><!--EndFragment--><\/p>\n\n\n<h2 class=\"wp-block-heading\">Individu\u00e1lna psychodynamick\u00e1 psychoterapia dospel\u00fdch<\/h2>\n\n\n\n<p><\/p>\n\n\n<div class=\"wp-block-ub-expand ub-expand\" id=\"ub-expand-aec0635b-d82a-4559-a87c-d15dbb4bfc83\" data-scroll-type=\"false\" data-scroll-amount=\"\" data-scroll-target=\"\">\n<div class=\"ub-expand-portion ub-expand-partial wp-block-ub-expand-portion\" id=\"ub-expand-partial-6e02fc49-6067-4306-b4cb-a481777dcad1\" aria-hidden=\"false\">\n\t\t\t\n\n<p>Pracujem formou rozhovoru, v\u00a0ktorom klienta povzbudzujem k\u00a0vo\u013en\u00e9mu vyjadrovaniu jeho my\u0161lienok,\u00a0pocitov a\u00a0fant\u00e1zi\u00ed. Spolu sa im sna\u017e\u00edme porozumie\u0165 a da\u0165 im zmysel. Klient tak lep\u0161ie porozumie sebe \u2013 svojim obav\u00e1m, \u00fazkostiam, vz\u0165ahov\u00fdm a\u00a0in\u00fdm \u0165a\u017ekostiam. Nielen intelektu\u00e1lne porozumenie, \u00a0ale predov\u0161etk\u00fdm jedine\u010dn\u00e1 sk\u00fasenos\u0165 vo vz\u0165ahu klienta a\u00a0terapeuta je prostriedkom intrapsychickej zmeny.<\/p>\n\n\n\t\t\t<a id=\"ub-expand-toggle-partial-6e02fc49-6067-4306-b4cb-a481777dcad1\" class=\"ub-expand-toggle-button\" style=\"text-align: left; \" role=\"button\" aria-expanded=\"false\" aria-controls=\"ub-expand-full-6e02fc49-6067-4306-b4cb-a481777dcad1\" tabindex=\"0\">\n\t\t\t\tviac\n\t\t\t<\/a>\n\t\t<\/div>\n\n<div class=\"ub-expand-portion ub-expand-full ub-hide wp-block-ub-expand-portion\" id=\"ub-expand-full-6e02fc49-6067-4306-b4cb-a481777dcad1\" aria-hidden=\"true\">\n\t\t\t\n\n<p>Psychoterapia m\u00e1 r\u00f4zne trvanie, v\u00a0z\u00e1vislosti od povahy\nprobl\u00e9mu klienta. Kr\u00e1tkodob\u00e1 psychoterapia m\u00e1 do 24 seden\u00ed, dlhodob\u00e1\npsychoterapia presahuje 24 seden\u00ed alebo 6 mesiacov.\u00a0 S\u00a0klientom sa zvy\u010dajne stret\u00e1vam 1x\nt\u00fd\u017edenne. V \u00favodnom rozhovore identifikujeme \u0165a\u017ekosti klienta, dohodneme sa na\ncie\u013eoch terapeutickej pr\u00e1ce a\u00a0pribli\u017enom trvan\u00ed psychoterapie. Ide o\u00a0vz\u00e1jomn\u00fa\ndohodu, ktor\u00e1 z\u00e1vis\u00ed od charakteru \u0165a\u017ekost\u00ed a\u00a0potrieb klienta. <\/p>\n\n\n\n<p>Po\u010das psychodynamickej psychoterapie doch\u00e1dza k\u00a0zlep\u0161eniu\nporozumenia sebe a\u00a0porozumenia druh\u00fdm, naj\u010dastej\u0161ie \u00a0vz\u0165ahovo bl\u00edzkym, d\u00f4le\u017eit\u00fdm \u013eu\u010fom. Preto tento\ndruh psychoterapie pom\u00e1ha pri rie\u0161en\u00ed osobn\u00fdch, emo\u010dn\u00fdch a vz\u0165ahov\u00fdch \u0165a\u017ekost\u00ed.\n<\/p>\n\n\n\n<p>Je tie\u017e vhodn\u00e1 na lie\u010dbu niektor\u00fdch por\u00fach, napr\u00edklad:<\/p>\n\n\n\n<ul class=\"wp-block-list\">\n<li>\u00dazkostn\u00fdch por\u00fach<\/li>\n\n\n\n<li>Fobick\u00fdch por\u00fach<\/li>\n\n\n\n<li>Depresi\u00ed<\/li>\n\n\n\n<li>Psychosomatick\u00fdch por\u00fach <\/li>\n\n\n\n<li>Por\u00fach osobnosti<\/li>\n<\/ul>\n\n\n\t\t\t<a id=\"ub-expand-toggle-full-6e02fc49-6067-4306-b4cb-a481777dcad1\" class=\"ub-expand-toggle-button\" style=\"text-align: left; \" role=\"button\" aria-expanded=\"true\" aria-controls=\"ub-expand-full-6e02fc49-6067-4306-b4cb-a481777dcad1\" tabindex=\"0\">\n\t\t\t\tmenej\n\t\t\t<\/a>\n\t\t<\/div>\n<\/div>\n\n<p><!--EndFragment--><\/p>\n\n\n<p><\/p>\n","protected":false},"excerpt":{"rendered":"<p>V s\u00fakromnej psychologickej ambulancii pracujem s&nbsp;de\u0165mi, adolescentmi a&nbsp;dospel\u00fdmi. Pon\u00fakam odborn\u00fa pomoc v&nbsp;zlo\u017eit\u00fdch \u017eivotn\u00fdch situ\u00e1ci\u00e1ch, \u010di pri objaven\u00ed klinick\u00e9ho sympt\u00f3mu. Pracujem&hellip;<\/p>\n","protected":false},"author":1,"featured_media":0,"parent":0,"menu_order":0,"comment_status":"closed","ping_status":"closed","template":"","meta":{"_uag_custom_page_level_css":"","_monsterinsights_skip_tracking":false,"_monsterinsights_sitenote_active":false,"_monsterinsights_sitenote_note":"","_monsterinsights_sitenote_category":0,"footnotes":""},"class_list":["post-48","page","type-page","status-publish","hentry"],"featured_image_src":null,"yoast_head":"<!-- This site is optimized with the Yoast SEO plugin v27.5 - https:\/\/yoast.com\/product\/yoast-seo-wordpress\/ -->\n<title>Klinick\u00fd psychol\u00f3g a psychoterapeut v \u017diline - Mgr. Bohumila Pi\u0148\u00e1kov\u00e1<\/title>\n<meta name=\"description\" content=\"V s\u00fakromnej psychologickej ambulancii pracujem s de\u0165mi, adolescentmi a dospel\u00fdmi. Pon\u00fakam odborn\u00fa pomoc v zlo\u017eit\u00fdch \u017eivotn\u00fdch situ\u00e1ci\u00e1ch, \u010di pri objaven\u00ed klinick\u00e9ho sympt\u00f3mu.\" \/>\n<meta name=\"robots\" content=\"index, follow, max-snippet:-1, max-image-preview:large, max-video-preview:-1\" \/>\n<link rel=\"canonical\" href=\"https:\/\/pinakova.sk\/\" \/>\n<meta property=\"og:locale\" content=\"sk_SK\" \/>\n<meta property=\"og:type\" content=\"article\" \/>\n<meta property=\"og:title\" content=\"Klinick\u00fd psychol\u00f3g a psychoterapeut v \u017diline - Mgr. Bohumila Pi\u0148\u00e1kov\u00e1\" \/>\n<meta property=\"og:description\" content=\"V s\u00fakromnej psychologickej ambulancii pracujem s de\u0165mi, adolescentmi a dospel\u00fdmi. Pon\u00fakam odborn\u00fa pomoc v zlo\u017eit\u00fdch \u017eivotn\u00fdch situ\u00e1ci\u00e1ch, \u010di pri objaven\u00ed klinick\u00e9ho sympt\u00f3mu.\" \/>\n<meta property=\"og:url\" content=\"https:\/\/pinakova.sk\/\" \/>\n<meta property=\"og:site_name\" content=\"Mgr. Bohumila Pi\u0148\u00e1kov\u00e1\" \/>\n<meta property=\"article:modified_time\" content=\"2025-08-19T11:12:18+00:00\" \/>\n<meta property=\"og:image\" content=\"https:\/\/pinakova.sk\/wp-content\/uploads\/2019\/11\/bobka.jpg\" \/>\n\t<meta property=\"og:image:width\" content=\"240\" \/>\n\t<meta property=\"og:image:height\" content=\"300\" \/>\n\t<meta property=\"og:image:type\" content=\"image\/jpeg\" \/>\n<meta name=\"twitter:card\" content=\"summary_large_image\" \/>\n<meta name=\"twitter:label1\" content=\"Predpokladan\u00fd \u010das \u010d\u00edtania\" \/>\n\t<meta name=\"twitter:data1\" content=\"3 min\u00faty\" \/>\n<script type=\"application\/ld+json\" class=\"yoast-schema-graph\">{\"@context\":\"https:\\\/\\\/schema.org\",\"@graph\":[{\"@type\":\"WebPage\",\"@id\":\"https:\\\/\\\/pinakova.sk\\\/\",\"url\":\"https:\\\/\\\/pinakova.sk\\\/\",\"name\":\"Klinick\u00fd psychol\u00f3g a psychoterapeut v \u017diline - Mgr. Bohumila Pi\u0148\u00e1kov\u00e1\",\"isPartOf\":{\"@id\":\"https:\\\/\\\/pinakova.sk\\\/#website\"},\"primaryImageOfPage\":{\"@id\":\"https:\\\/\\\/pinakova.sk\\\/#primaryimage\"},\"image\":{\"@id\":\"https:\\\/\\\/pinakova.sk\\\/#primaryimage\"},\"thumbnailUrl\":\"http:\\\/\\\/pinakova.sk\\\/wp-content\\\/uploads\\\/2019\\\/11\\\/bobka.jpg\",\"datePublished\":\"2019-11-25T13:08:30+00:00\",\"dateModified\":\"2025-08-19T11:12:18+00:00\",\"description\":\"V s\u00fakromnej psychologickej ambulancii pracujem s de\u0165mi, adolescentmi a dospel\u00fdmi. Pon\u00fakam odborn\u00fa pomoc v zlo\u017eit\u00fdch \u017eivotn\u00fdch situ\u00e1ci\u00e1ch, \u010di pri objaven\u00ed klinick\u00e9ho sympt\u00f3mu.\",\"breadcrumb\":{\"@id\":\"https:\\\/\\\/pinakova.sk\\\/#breadcrumb\"},\"inLanguage\":\"sk-SK\",\"potentialAction\":[{\"@type\":\"ReadAction\",\"target\":[\"https:\\\/\\\/pinakova.sk\\\/\"]}]},{\"@type\":\"ImageObject\",\"inLanguage\":\"sk-SK\",\"@id\":\"https:\\\/\\\/pinakova.sk\\\/#primaryimage\",\"url\":\"https:\\\/\\\/pinakova.sk\\\/wp-content\\\/uploads\\\/2019\\\/11\\\/bobka.jpg\",\"contentUrl\":\"https:\\\/\\\/pinakova.sk\\\/wp-content\\\/uploads\\\/2019\\\/11\\\/bobka.jpg\",\"width\":240,\"height\":300},{\"@type\":\"BreadcrumbList\",\"@id\":\"https:\\\/\\\/pinakova.sk\\\/#breadcrumb\",\"itemListElement\":[{\"@type\":\"ListItem\",\"position\":1,\"name\":\"Home\",\"item\":\"https:\\\/\\\/pinakova.sk\\\/\"},{\"@type\":\"ListItem\",\"position\":2,\"name\":\"Klinick\u00fd psychol\u00f3g a psychoterapeut v \u017diline\"}]},{\"@type\":\"WebSite\",\"@id\":\"https:\\\/\\\/pinakova.sk\\\/#website\",\"url\":\"https:\\\/\\\/pinakova.sk\\\/\",\"name\":\"Mgr. Bohumila Pi\u0148\u00e1kov\u00e1\",\"description\":\"Klinick\u00fd psychol\u00f3g a psychoterapeut\",\"potentialAction\":[{\"@type\":\"SearchAction\",\"target\":{\"@type\":\"EntryPoint\",\"urlTemplate\":\"https:\\\/\\\/pinakova.sk\\\/?s={search_term_string}\"},\"query-input\":{\"@type\":\"PropertyValueSpecification\",\"valueRequired\":true,\"valueName\":\"search_term_string\"}}],\"inLanguage\":\"sk-SK\"}]}<\/script>\n<!-- \/ Yoast SEO plugin. -->","yoast_head_json":{"title":"Klinick\u00fd psychol\u00f3g a psychoterapeut v \u017diline - Mgr. Bohumila Pi\u0148\u00e1kov\u00e1","description":"V s\u00fakromnej psychologickej ambulancii pracujem s de\u0165mi, adolescentmi a dospel\u00fdmi. Pon\u00fakam odborn\u00fa pomoc v zlo\u017eit\u00fdch \u017eivotn\u00fdch situ\u00e1ci\u00e1ch, \u010di pri objaven\u00ed klinick\u00e9ho sympt\u00f3mu.","robots":{"index":"index","follow":"follow","max-snippet":"max-snippet:-1","max-image-preview":"max-image-preview:large","max-video-preview":"max-video-preview:-1"},"canonical":"https:\/\/pinakova.sk\/","og_locale":"sk_SK","og_type":"article","og_title":"Klinick\u00fd psychol\u00f3g a psychoterapeut v \u017diline - Mgr. Bohumila Pi\u0148\u00e1kov\u00e1","og_description":"V s\u00fakromnej psychologickej ambulancii pracujem s de\u0165mi, adolescentmi a dospel\u00fdmi. Pon\u00fakam odborn\u00fa pomoc v zlo\u017eit\u00fdch \u017eivotn\u00fdch situ\u00e1ci\u00e1ch, \u010di pri objaven\u00ed klinick\u00e9ho sympt\u00f3mu.","og_url":"https:\/\/pinakova.sk\/","og_site_name":"Mgr. Bohumila Pi\u0148\u00e1kov\u00e1","article_modified_time":"2025-08-19T11:12:18+00:00","og_image":[{"width":240,"height":300,"url":"https:\/\/pinakova.sk\/wp-content\/uploads\/2019\/11\/bobka.jpg","type":"image\/jpeg"}],"twitter_card":"summary_large_image","twitter_misc":{"Predpokladan\u00fd \u010das \u010d\u00edtania":"3 min\u00faty"},"schema":{"@context":"https:\/\/schema.org","@graph":[{"@type":"WebPage","@id":"https:\/\/pinakova.sk\/","url":"https:\/\/pinakova.sk\/","name":"Klinick\u00fd psychol\u00f3g a psychoterapeut v \u017diline - Mgr. Bohumila Pi\u0148\u00e1kov\u00e1","isPartOf":{"@id":"https:\/\/pinakova.sk\/#website"},"primaryImageOfPage":{"@id":"https:\/\/pinakova.sk\/#primaryimage"},"image":{"@id":"https:\/\/pinakova.sk\/#primaryimage"},"thumbnailUrl":"http:\/\/pinakova.sk\/wp-content\/uploads\/2019\/11\/bobka.jpg","datePublished":"2019-11-25T13:08:30+00:00","dateModified":"2025-08-19T11:12:18+00:00","description":"V s\u00fakromnej psychologickej ambulancii pracujem s de\u0165mi, adolescentmi a dospel\u00fdmi. Pon\u00fakam odborn\u00fa pomoc v zlo\u017eit\u00fdch \u017eivotn\u00fdch situ\u00e1ci\u00e1ch, \u010di pri objaven\u00ed klinick\u00e9ho sympt\u00f3mu.","breadcrumb":{"@id":"https:\/\/pinakova.sk\/#breadcrumb"},"inLanguage":"sk-SK","potentialAction":[{"@type":"ReadAction","target":["https:\/\/pinakova.sk\/"]}]},{"@type":"ImageObject","inLanguage":"sk-SK","@id":"https:\/\/pinakova.sk\/#primaryimage","url":"https:\/\/pinakova.sk\/wp-content\/uploads\/2019\/11\/bobka.jpg","contentUrl":"https:\/\/pinakova.sk\/wp-content\/uploads\/2019\/11\/bobka.jpg","width":240,"height":300},{"@type":"BreadcrumbList","@id":"https:\/\/pinakova.sk\/#breadcrumb","itemListElement":[{"@type":"ListItem","position":1,"name":"Home","item":"https:\/\/pinakova.sk\/"},{"@type":"ListItem","position":2,"name":"Klinick\u00fd psychol\u00f3g a psychoterapeut v \u017diline"}]},{"@type":"WebSite","@id":"https:\/\/pinakova.sk\/#website","url":"https:\/\/pinakova.sk\/","name":"Mgr. Bohumila Pi\u0148\u00e1kov\u00e1","description":"Klinick\u00fd psychol\u00f3g a psychoterapeut","potentialAction":[{"@type":"SearchAction","target":{"@type":"EntryPoint","urlTemplate":"https:\/\/pinakova.sk\/?s={search_term_string}"},"query-input":{"@type":"PropertyValueSpecification","valueRequired":true,"valueName":"search_term_string"}}],"inLanguage":"sk-SK"}]}},"uagb_featured_image_src":{"full":false,"thumbnail":false,"medium":false,"medium_large":false,"large":false,"1536x1536":false,"2048x2048":false,"primer-featured":false,"primer-hero":false},"uagb_author_info":{"display_name":"bpinakova","author_link":"https:\/\/pinakova.sk\/?author=1"},"uagb_comment_info":0,"uagb_excerpt":"V s\u00fakromnej psychologickej ambulancii pracujem s&nbsp;de\u0165mi, adolescentmi a&nbsp;dospel\u00fdmi. Pon\u00fakam odborn\u00fa pomoc v&nbsp;zlo\u017eit\u00fdch \u017eivotn\u00fdch situ\u00e1ci\u00e1ch, \u010di pri objaven\u00ed klinick\u00e9ho sympt\u00f3mu. Pracujem&hellip;","_links":{"self":[{"href":"https:\/\/pinakova.sk\/index.php?rest_route=\/wp\/v2\/pages\/48","targetHints":{"allow":["GET"]}}],"collection":[{"href":"https:\/\/pinakova.sk\/index.php?rest_route=\/wp\/v2\/pages"}],"about":[{"href":"https:\/\/pinakova.sk\/index.php?rest_route=\/wp\/v2\/types\/page"}],"author":[{"embeddable":true,"href":"https:\/\/pinakova.sk\/index.php?rest_route=\/wp\/v2\/users\/1"}],"replies":[{"embeddable":true,"href":"https:\/\/pinakova.sk\/index.php?rest_route=%2Fwp%2Fv2%2Fcomments&post=48"}],"version-history":[{"count":5,"href":"https:\/\/pinakova.sk\/index.php?rest_route=\/wp\/v2\/pages\/48\/revisions"}],"predecessor-version":[{"id":393,"href":"https:\/\/pinakova.sk\/index.php?rest_route=\/wp\/v2\/pages\/48\/revisions\/393"}],"wp:attachment":[{"href":"https:\/\/pinakova.sk\/index.php?rest_route=%2Fwp%2Fv2%2Fmedia&parent=48"}],"curies":[{"name":"wp","href":"https:\/\/api.w.org\/{rel}","templated":true}]}}